{"id":5550,"date":"2016-12-03T15:08:37","date_gmt":"2016-12-03T15:08:37","guid":{"rendered":"http:\/\/demo.wpzoom.com\/inspiro\/?page_id=5550"},"modified":"2023-11-15T22:35:33","modified_gmt":"2023-11-16T01:35:33","slug":"homepage","status":"publish","type":"page","link":"http:\/\/radiomaisbrasiloficial.com.br\/","title":{"rendered":"Homepage"},"content":{"rendered":"\n<div class=\"wp-block-columns is-layout-flex wp-container-core-columns-is-layout-9d6595d7 wp-block-columns-is-layout-flex\">\n<div class=\"wp-block-column is-layout-flow wp-block-column-is-layout-flow\" style=\"flex-basis:100%\"><\/div>\n<\/div>\n\n\n\n<div class=\"wp-block-group alignfull has-background\" style=\"background-color:#e5e9ec\"><div class=\"wp-block-group__inner-container is-layout-flow wp-block-group-is-layout-flow\">\n<div class=\"wp-block-columns is-layout-flex wp-container-core-columns-is-layout-9d6595d7 wp-block-columns-is-layout-flex\">\n<div class=\"wp-block-column is-vertically-aligned-center is-layout-flow wp-block-column-is-layout-flow\">\n<h3 class=\"wp-block-heading has-medium-font-size\" style=\"letter-spacing:1px\">A R\u00c1DIO +BRASIL<\/h3>\n\n\n\n<p>A R\u00e1dio +BRASIL \u00e9 um canal de comunica\u00e7\u00e3o digital, que se vale da melhor e mais atual tecnologia para difundir conte\u00fados de qualidade nas \u00e1reas da pol\u00edtica, economia, cultura, hist\u00f3ria e entretenimento.<br>No nosso ide\u00e1rio est\u00e3o a defesa das liberdades de express\u00e3o, opini\u00e3o, imprensa, econ\u00f4mica e religiosa; do direito \u00e0 vida; do direito \u00e0 leg\u00edtima defesa; da diminui\u00e7\u00e3o do tamanho do Estado brasileiro e conseq\u00fcente diminui\u00e7\u00e3o da carga tribut\u00e1ria; e da fam\u00edlia.<br>Acreditamos no Brasil e entendemos que, quanto menor for a interfer\u00eancia dos governos nas nossas vidas, mais preservadas ser\u00e3o as nossas liberdades individuais!<\/p>\n\n\n\n<p><\/p>\n<\/div>\n\n\n\n<div class=\"wp-block-column is-layout-flow wp-block-column-is-layout-flow\">\n<div style=\"height:48px\" aria-hidden=\"true\" class=\"wp-block-spacer\"><\/div>\n\n\n\n<figure class=\"wp-block-gallery has-nested-images columns-default is-cropped wp-block-gallery-1 is-layout-flex wp-block-gallery-is-layout-flex\">\n<figure class=\"wp-block-image size-large\"><img fetchpriority=\"high\" decoding=\"async\" width=\"720\" height=\"720\" data-id=\"6727\" src=\"http:\/\/radiomaisbrasiloficial.com.br\/wp-content\/uploads\/2023\/11\/protetortela-edited.png\" alt=\"\" class=\"wp-image-6727\" srcset=\"http:\/\/radiomaisbrasiloficial.com.br\/wp-content\/uploads\/2023\/11\/protetortela-edited.png 720w, http:\/\/radiomaisbrasiloficial.com.br\/wp-content\/uploads\/2023\/11\/protetortela-edited-300x300.png 300w, http:\/\/radiomaisbrasiloficial.com.br\/wp-content\/uploads\/2023\/11\/protetortela-edited-150x150.png 150w, http:\/\/radiomaisbrasiloficial.com.br\/wp-content\/uploads\/2023\/11\/protetortela-edited-600x600.png 600w\" sizes=\"(max-width: 720px) 100vw, 720px\" \/><\/figure>\n<\/figure>\n<\/div>\n<\/div>\n<\/div><\/div>\n\n\n<div class=\"sby-block-license-expired-notice-ctn sby-bln-license-state-inactive\"><div class=\"sby-blen-header\"><svg width=\"16\" height=\"16\" viewBox=\"0 0 16 16\" fill=\"none\" xmlns=\"http:\/\/www.w3.org\/2000\/svg\"><path d=\"M7.99984 6C7.4694 6 6.9607 6.21071 6.58562 6.58579C6.21055 6.96086 5.99984 7.46957 5.99984 8C5.99984 8.53043 6.21055 9.03914 6.58562 9.41421C6.9607 9.78929 7.4694 10 7.99984 10C8.53027 10 9.03898 9.78929 9.41405 9.41421C9.78912 9.03914 9.99984 8.53043 9.99984 8C9.99984 7.46957 9.78912 6.96086 9.41405 6.58579C9.03898 6.21071 8.53027 6 7.99984 6ZM7.99984 11.3333C7.11578 11.3333 6.26794 10.9821 5.64281 10.357C5.01769 9.7319 4.6665 8.88406 4.6665 8C4.6665 7.11595 5.01769 6.2681 5.64281 5.64298C6.26794 5.01786 7.11578 4.66667 7.99984 4.66667C8.88389 4.66667 9.73174 5.01786 10.3569 5.64298C10.982 6.2681 11.3332 7.11595 11.3332 8C11.3332 8.88406 10.982 9.7319 10.3569 10.357C9.73174 10.9821 8.88389 11.3333 7.99984 11.3333ZM7.99984 3C4.6665 3 1.81984 5.07333 0.666504 8C1.81984 10.9267 4.6665 13 7.99984 13C11.3332 13 14.1798 10.9267 15.3332 8C14.1798 5.07333 11.3332 3 7.99984 3Z\" fill=\"#141B38\"\/><\/svg><span>Only Visible to WordPress Admins<\/span><\/div><div class=\"sby-blen-resolve\"><div class=\"sby-left\"><svg width=\"14\" height=\"14\" viewBox=\"0 0 14 14\" fill=\"none\" xmlns=\"http:\/\/www.w3.org\/2000\/svg\"><path d=\"M6.3335 5H7.66683V3.66667H6.3335V5ZM7.00016 12.3333C4.06016 12.3333 1.66683 9.94 1.66683 7C1.66683 4.06 4.06016 1.66667 7.00016 1.66667C9.94016 1.66667 12.3335 4.06 12.3335 7C12.3335 9.94 9.94016 12.3333 7.00016 12.3333ZM7.00016 0.333332C6.12468 0.333332 5.25778 0.505771 4.44894 0.840802C3.6401 1.17583 2.90517 1.6669 2.28612 2.28595C1.03588 3.5362 0.333496 5.23189 0.333496 7C0.333496 8.76811 1.03588 10.4638 2.28612 11.714C2.90517 12.3331 3.6401 12.8242 4.44894 13.1592C5.25778 13.4942 6.12468 13.6667 7.00016 13.6667C8.76827 13.6667 10.464 12.9643 11.7142 11.714C12.9645 10.4638 13.6668 8.76811 13.6668 7C13.6668 6.12452 13.4944 5.25761 13.1594 4.44878C12.8243 3.63994 12.3333 2.90501 11.7142 2.28595C11.0952 1.6669 10.3602 1.17583 9.55139 0.840802C8.74255 0.505771 7.87564 0.333332 7.00016 0.333332ZM6.3335 10.3333H7.66683V6.33333H6.3335V10.3333Z\" fill=\"#141B38\"\/><\/svg><span>Your license key is inactive. Activate it to enable Pro features.<\/span><\/div><div class=\"sby-right\"><a href=\"https:\/\/smashballoon.com\/checkout\/?edd_license_key=&#038;download_id=762236&#038;utm_campaign=youtube-pro&#038;utm_source=expired-notice&#038;utm_medium=renew-license\" target=\"_blank\">Resolve Now<\/a><svg width=\"7\" height=\"10\" viewBox=\"0 0 7 10\" fill=\"none\" xmlns=\"http:\/\/www.w3.org\/2000\/svg\"><path d=\"M1.3332 0L0.158203 1.175L3.97487 5L0.158203 8.825L1.3332 10L6.3332 5L1.3332 0Z\" fill=\"#0068A0\"\/><\/svg><\/div><\/div><\/div>\n<div \n\tid=\"sb_youtube_sbyUC8W9Sjy5gyBEQTSPJjfSq5g9\" \n\t class=\"sb_youtube sby_layout_grid sby_col_3 sby_mob_col_1 sby_palette_inherit  sby_width_resp\" \n\tdata-feedid=\"sby_UC8W9Sjy5gyBEQTSPJjfSq5g#9\" \n\tdata-shortcode-atts=\"{&quot;feed&quot;:&quot;1&quot;}\" \n\tdata-cols=\"3\" \n\tdata-colsmobile=\"1\" \n\tdata-num=\"9\" \n\tdata-nummobile=\"9\" \n\tdata-channel-subscribers=\"69.4K subscribers\"\tdata-subscribe-btn=\"1\" \n\tdata-subscribe-btn-text=\"Inscreva-se\" \n\t data-sby-flags=\"resizeDisable\" data-postid=\"5550\" data-sby-supports-lightbox=\"1\" \n\t data-videocardlayout=\"vertical\" \n>\n\t        <div class=\"sby_items_wrap\" style=\"padding: 5px;\">\n\t\t<div class=\"sby_item  sby_new sby_transition\" id=\"sby_VVU4VzlTank1Z3lCRVFUU1BKamZTcTVnLmtSNF82YjNWREQ4\" data-date=\"1777582847\" data-video-id=\"kR4_6b3VDD8\">\n    <div class=\"sby_inner_item\">\n        <div class=\"sby_video_thumbnail_wrap sby_item_video_thumbnail_wrap\">\n            <a class=\"sby_video_thumbnail sby_item_video_thumbnail\" href=\"https:\/\/www.youtube.com\/watch?v=kR4_6b3VDD8\" target=\"_blank\" rel=\"noopener\" data-full-res=\"https:\/\/i.ytimg.com\/vi\/kR4_6b3VDD8\/maxresdefault.jpg\" data-img-src-set=\"{&quot;120&quot;:&quot;https:\\\/\\\/i.ytimg.com\\\/vi\\\/kR4_6b3VDD8\\\/default.jpg&quot;,&quot;320&quot;:&quot;https:\\\/\\\/i.ytimg.com\\\/vi\\\/kR4_6b3VDD8\\\/mqdefault.jpg&quot;,&quot;480&quot;:&quot;https:\\\/\\\/i.ytimg.com\\\/vi\\\/kR4_6b3VDD8\\\/hqdefault.jpg&quot;,&quot;640&quot;:&quot;https:\\\/\\\/i.ytimg.com\\\/vi\\\/kR4_6b3VDD8\\\/sddefault.jpg&quot;}\" data-video-id=\"kR4_6b3VDD8\" data-video-title=\"VEJA EM PRIMEIRA MA\u0303O O QUE POLI\u0301CIA FEZ\">\n                <img decoding=\"async\" src=\"http:\/\/radiomaisbrasiloficial.com.br\/wp-content\/plugins\/feeds-for-youtube\/img\/placeholder.png\" alt=\"Programa Agora Brasil \/ Segunda \u00e0 sexta, 07h \u00e0s 09h.\nPrograma +Brasil MUNDO\/ Segunda \u00e0 sexta, 09h \u00e0s 10h.\nPrograma +Brasil \/ Segunda \u00e0 sexta, 13h \u00e0s 15h.\nPrograma 5a7 \/ Segunda \u00e0 sexta, 17h \u00e0s 19h.\n\nA R\u00e1dio +BRASIL \u00e9 um canal que apresenta e comenta noticias de pol\u00edtica e economia, do Brasil e do mundo, a partir de uma vis\u00e3o liberal\/conservadora. Uma \u201c\u00e1gora\u201d onde a opini\u00e3o e a express\u00e3o s\u00e3o livres. Temos o grande prop\u00f3sito de fazer a defesa intransigente das nossas liberdades. Aqui a opini\u00e3o \u00e9 livre!\n\nBaixe o APP iPhone: https:\/\/apps.apple.com\/app\/r%C3%A1dio-mais-brasil\/id6474753101\nBaixe o APP Android: https:\/\/play.google.com\/store\/apps\/details?id=com.radiomaisbrasil.app\">\n\n                <div class=\"sby_thumbnail_hover sby_item_video_thumbnail_hover\">\n                    <div class=\"sby_thumbnail_hover_inner\">\n                                                    <span class=\"sby_video_title\" >VEJA EM PRIMEIRA MA\u0303O O QUE POLI\u0301CIA FEZ<\/span>\n                                            <\/div>\n                <\/div>\n\n                                    <div class=\"sby_play_btn\" >\n                        <span class=\"sby_play_btn_bg\"><\/span>\n                        <svg aria-hidden=\"true\" focusable=\"false\" data-prefix=\"fab\" data-icon=\"youtube\" role=\"img\" xmlns=\"http:\/\/www.w3.org\/2000\/svg\" viewBox=\"0 0 576 512\" class=\"svg-inline--fa fa-youtube fa-w-18\"><path fill=\"currentColor\" d=\"M549.655 124.083c-6.281-23.65-24.787-42.276-48.284-48.597C458.781 64 288 64 288 64S117.22 64 74.629 75.486c-23.497 6.322-42.003 24.947-48.284 48.597-11.412 42.867-11.412 132.305-11.412 132.305s0 89.438 11.412 132.305c6.281 23.65 24.787 41.5 48.284 47.821C117.22 448 288 448 288 448s170.78 0 213.371-11.486c23.497-6.321 42.003-24.171 48.284-47.821 11.412-42.867 11.412-132.305 11.412-132.305s0-89.438-11.412-132.305zm-317.51 213.508V175.185l142.739 81.205-142.739 81.201z\" class=\"\"><\/path><\/svg>                    <\/div>\n                                <span class=\"sby_loader sby_hidden\" style=\"background-color: rgb(255, 255, 255);\"><\/span>\n            <\/a>\n\n                    <\/div>\n    <\/div>\n<\/div><div class=\"sby_item  sby_new sby_transition\" id=\"sby_VVU4VzlTank1Z3lCRVFUU1BKamZTcTVnLjVUcXVNREt5dHRJ\" data-date=\"1777572588\" data-video-id=\"5TquMDKyttI\">\n    <div class=\"sby_inner_item\">\n        <div class=\"sby_video_thumbnail_wrap sby_item_video_thumbnail_wrap\">\n            <a class=\"sby_video_thumbnail sby_item_video_thumbnail\" href=\"https:\/\/www.youtube.com\/watch?v=5TquMDKyttI\" target=\"_blank\" rel=\"noopener\" data-full-res=\"https:\/\/i.ytimg.com\/vi\/5TquMDKyttI\/maxresdefault.jpg\" data-img-src-set=\"{&quot;120&quot;:&quot;https:\\\/\\\/i.ytimg.com\\\/vi\\\/5TquMDKyttI\\\/default.jpg&quot;,&quot;320&quot;:&quot;https:\\\/\\\/i.ytimg.com\\\/vi\\\/5TquMDKyttI\\\/mqdefault.jpg&quot;,&quot;480&quot;:&quot;https:\\\/\\\/i.ytimg.com\\\/vi\\\/5TquMDKyttI\\\/hqdefault.jpg&quot;,&quot;640&quot;:&quot;https:\\\/\\\/i.ytimg.com\\\/vi\\\/5TquMDKyttI\\\/sddefault.jpg&quot;}\" data-video-id=\"5TquMDKyttI\" data-video-title=\"Derrota hist\u00f3rica de Lula: Senado rejeita indica\u00e7\u00e3o de Messias\">\n                <img decoding=\"async\" src=\"http:\/\/radiomaisbrasiloficial.com.br\/wp-content\/plugins\/feeds-for-youtube\/img\/placeholder.png\" alt=\"A R\u00e1dio +BRASIL \u00e9 um canal que apresenta e comenta noticias de pol\u00edtica e economia, do Brasil e do mundo, a partir de uma vis\u00e3o liberal\/conservadora. Uma \u201c\u00e1gora\u201d onde a opini\u00e3o e a express\u00e3o s\u00e3o livres. Temos o grande prop\u00f3sito de fazer a defesa intransigente das nossas liberdades. Aqui a opini\u00e3o \u00e9 livre!\n#RadioMaisBrasilOficial\n#Programa+Brasil\n#JulioRibeiro\n#Pol\u00edtica\n#Direita   \n\n\n\nQuer criar transmiss\u00f5es ao vivo como esta? Confira o StreamYard: https:\/\/streamyard.com\/pal\/d\/5467327458443264\">\n\n                <div class=\"sby_thumbnail_hover sby_item_video_thumbnail_hover\">\n                    <div class=\"sby_thumbnail_hover_inner\">\n                                                    <span class=\"sby_video_title\" >Derrota hist\u00f3rica de Lula: Senado rejeita indica\u00e7\u00e3o de Messias<\/span>\n                                            <\/div>\n                <\/div>\n\n                                    <div class=\"sby_play_btn\" >\n                        <span class=\"sby_play_btn_bg\"><\/span>\n                        <svg aria-hidden=\"true\" focusable=\"false\" data-prefix=\"fab\" data-icon=\"youtube\" role=\"img\" xmlns=\"http:\/\/www.w3.org\/2000\/svg\" viewBox=\"0 0 576 512\" class=\"svg-inline--fa fa-youtube fa-w-18\"><path fill=\"currentColor\" d=\"M549.655 124.083c-6.281-23.65-24.787-42.276-48.284-48.597C458.781 64 288 64 288 64S117.22 64 74.629 75.486c-23.497 6.322-42.003 24.947-48.284 48.597-11.412 42.867-11.412 132.305-11.412 132.305s0 89.438 11.412 132.305c6.281 23.65 24.787 41.5 48.284 47.821C117.22 448 288 448 288 448s170.78 0 213.371-11.486c23.497-6.321 42.003-24.171 48.284-47.821 11.412-42.867 11.412-132.305 11.412-132.305s0-89.438-11.412-132.305zm-317.51 213.508V175.185l142.739 81.205-142.739 81.201z\" class=\"\"><\/path><\/svg>                    <\/div>\n                                <span class=\"sby_loader sby_hidden\" style=\"background-color: rgb(255, 255, 255);\"><\/span>\n            <\/a>\n\n                    <\/div>\n    <\/div>\n<\/div><div class=\"sby_item  sby_new sby_transition\" id=\"sby_VVU4VzlTank1Z3lCRVFUU1BKamZTcTVnLmJRaVpXYzd6eGc0\" data-date=\"1777572026\" data-video-id=\"bQiZWc7zxg4\">\n    <div class=\"sby_inner_item\">\n        <div class=\"sby_video_thumbnail_wrap sby_item_video_thumbnail_wrap\">\n            <a class=\"sby_video_thumbnail sby_item_video_thumbnail\" href=\"https:\/\/www.youtube.com\/watch?v=bQiZWc7zxg4\" target=\"_blank\" rel=\"noopener\" data-full-res=\"https:\/\/i.ytimg.com\/vi\/bQiZWc7zxg4\/maxresdefault.jpg\" data-img-src-set=\"{&quot;120&quot;:&quot;https:\\\/\\\/i.ytimg.com\\\/vi\\\/bQiZWc7zxg4\\\/default.jpg&quot;,&quot;320&quot;:&quot;https:\\\/\\\/i.ytimg.com\\\/vi\\\/bQiZWc7zxg4\\\/mqdefault.jpg&quot;,&quot;480&quot;:&quot;https:\\\/\\\/i.ytimg.com\\\/vi\\\/bQiZWc7zxg4\\\/hqdefault.jpg&quot;,&quot;640&quot;:&quot;https:\\\/\\\/i.ytimg.com\\\/vi\\\/bQiZWc7zxg4\\\/sddefault.jpg&quot;}\" data-video-id=\"bQiZWc7zxg4\" data-video-title=\"A PERSEGUIC\u0327A\u0303O POLI\u0301TICA ESTA\u0301 A TODO VAPOR\">\n                <img decoding=\"async\" src=\"http:\/\/radiomaisbrasiloficial.com.br\/wp-content\/plugins\/feeds-for-youtube\/img\/placeholder.png\" alt=\"Programa Agora Brasil \/ Segunda \u00e0 sexta, 07h \u00e0s 09h.\nPrograma +Brasil MUNDO\/ Segunda \u00e0 sexta, 09h \u00e0s 10h.\nPrograma +Brasil \/ Segunda \u00e0 sexta, 13h \u00e0s 15h.\nPrograma 5a7 \/ Segunda \u00e0 sexta, 17h \u00e0s 19h.\n\nA R\u00e1dio +BRASIL \u00e9 um canal que apresenta e comenta noticias de pol\u00edtica e economia, do Brasil e do mundo, a partir de uma vis\u00e3o liberal\/conservadora. Uma \u201c\u00e1gora\u201d onde a opini\u00e3o e a express\u00e3o s\u00e3o livres. Temos o grande prop\u00f3sito de fazer a defesa intransigente das nossas liberdades. Aqui a opini\u00e3o \u00e9 livre!\n\nBaixe o APP iPhone: https:\/\/apps.apple.com\/app\/r%C3%A1dio-mais-brasil\/id6474753101\nBaixe o APP Android: https:\/\/play.google.com\/store\/apps\/details?id=com.radiomaisbrasil.app\">\n\n                <div class=\"sby_thumbnail_hover sby_item_video_thumbnail_hover\">\n                    <div class=\"sby_thumbnail_hover_inner\">\n                                                    <span class=\"sby_video_title\" >A PERSEGUIC\u0327A\u0303O POLI\u0301TICA ESTA\u0301 A TODO VAPOR<\/span>\n                                            <\/div>\n                <\/div>\n\n                                    <div class=\"sby_play_btn\" >\n                        <span class=\"sby_play_btn_bg\"><\/span>\n                        <svg aria-hidden=\"true\" focusable=\"false\" data-prefix=\"fab\" data-icon=\"youtube\" role=\"img\" xmlns=\"http:\/\/www.w3.org\/2000\/svg\" viewBox=\"0 0 576 512\" class=\"svg-inline--fa fa-youtube fa-w-18\"><path fill=\"currentColor\" d=\"M549.655 124.083c-6.281-23.65-24.787-42.276-48.284-48.597C458.781 64 288 64 288 64S117.22 64 74.629 75.486c-23.497 6.322-42.003 24.947-48.284 48.597-11.412 42.867-11.412 132.305-11.412 132.305s0 89.438 11.412 132.305c6.281 23.65 24.787 41.5 48.284 47.821C117.22 448 288 448 288 448s170.78 0 213.371-11.486c23.497-6.321 42.003-24.171 48.284-47.821 11.412-42.867 11.412-132.305 11.412-132.305s0-89.438-11.412-132.305zm-317.51 213.508V175.185l142.739 81.205-142.739 81.201z\" class=\"\"><\/path><\/svg>                    <\/div>\n                                <span class=\"sby_loader sby_hidden\" style=\"background-color: rgb(255, 255, 255);\"><\/span>\n            <\/a>\n\n                    <\/div>\n    <\/div>\n<\/div><div class=\"sby_item  sby_new sby_transition\" id=\"sby_VVU4VzlTank1Z3lCRVFUU1BKamZTcTVnLkh3endkRTI2OFhR\" data-date=\"1777561234\" data-video-id=\"HwzwdE268XQ\">\n    <div class=\"sby_inner_item\">\n        <div class=\"sby_video_thumbnail_wrap sby_item_video_thumbnail_wrap\">\n            <a class=\"sby_video_thumbnail sby_item_video_thumbnail\" href=\"https:\/\/www.youtube.com\/watch?v=HwzwdE268XQ\" target=\"_blank\" rel=\"noopener\" data-full-res=\"https:\/\/i.ytimg.com\/vi\/HwzwdE268XQ\/maxresdefault.jpg\" data-img-src-set=\"{&quot;120&quot;:&quot;https:\\\/\\\/i.ytimg.com\\\/vi\\\/HwzwdE268XQ\\\/default.jpg&quot;,&quot;320&quot;:&quot;https:\\\/\\\/i.ytimg.com\\\/vi\\\/HwzwdE268XQ\\\/mqdefault.jpg&quot;,&quot;480&quot;:&quot;https:\\\/\\\/i.ytimg.com\\\/vi\\\/HwzwdE268XQ\\\/hqdefault.jpg&quot;,&quot;640&quot;:&quot;https:\\\/\\\/i.ytimg.com\\\/vi\\\/HwzwdE268XQ\\\/sddefault.jpg&quot;}\" data-video-id=\"HwzwdE268XQ\" data-video-title=\"AVISO! ELES EST\u00c3O SOLTANDO FAKE NEWS, FALE PROS SEUS FAMILIARES N\u00c3O ACREDITAREM!\">\n                <img decoding=\"async\" src=\"http:\/\/radiomaisbrasiloficial.com.br\/wp-content\/plugins\/feeds-for-youtube\/img\/placeholder.png\" alt=\"Programa Agora Brasil \/ Segunda \u00e0 sexta, 07h \u00e0s 09h.\nPrograma +Brasil MUNDO\/ Segunda \u00e0 sexta, 09h \u00e0s 10h.\nPrograma +Brasil \/ Segunda \u00e0 sexta, 13h \u00e0s 15h.\nPrograma 5a7 \/ Segunda \u00e0 sexta, 17h \u00e0s 19h.\n\nA R\u00e1dio +BRASIL \u00e9 um canal que apresenta e comenta noticias de pol\u00edtica e economia, do Brasil e do mundo, a partir de uma vis\u00e3o liberal\/conservadora. Uma \u201c\u00e1gora\u201d onde a opini\u00e3o e a express\u00e3o s\u00e3o livres. Temos o grande prop\u00f3sito de fazer a defesa intransigente das nossas liberdades. Aqui a opini\u00e3o \u00e9 livre!\n\nBaixe o APP iPhone: https:\/\/apps.apple.com\/app\/r%C3%A1dio-mais-brasil\/id6474753101\nBaixe o APP Android: https:\/\/play.google.com\/store\/apps\/details?id=com.radiomaisbrasil.app\">\n\n                <div class=\"sby_thumbnail_hover sby_item_video_thumbnail_hover\">\n                    <div class=\"sby_thumbnail_hover_inner\">\n                                                    <span class=\"sby_video_title\" >AVISO! ELES EST\u00c3O SOLTANDO FAKE NEWS, FALE PROS SEUS FAMILIARES N\u00c3O ACREDITAREM!<\/span>\n                                            <\/div>\n                <\/div>\n\n                                    <div class=\"sby_play_btn\" >\n                        <span class=\"sby_play_btn_bg\"><\/span>\n                        <svg aria-hidden=\"true\" focusable=\"false\" data-prefix=\"fab\" data-icon=\"youtube\" role=\"img\" xmlns=\"http:\/\/www.w3.org\/2000\/svg\" viewBox=\"0 0 576 512\" class=\"svg-inline--fa fa-youtube fa-w-18\"><path fill=\"currentColor\" d=\"M549.655 124.083c-6.281-23.65-24.787-42.276-48.284-48.597C458.781 64 288 64 288 64S117.22 64 74.629 75.486c-23.497 6.322-42.003 24.947-48.284 48.597-11.412 42.867-11.412 132.305-11.412 132.305s0 89.438 11.412 132.305c6.281 23.65 24.787 41.5 48.284 47.821C117.22 448 288 448 288 448s170.78 0 213.371-11.486c23.497-6.321 42.003-24.171 48.284-47.821 11.412-42.867 11.412-132.305 11.412-132.305s0-89.438-11.412-132.305zm-317.51 213.508V175.185l142.739 81.205-142.739 81.201z\" class=\"\"><\/path><\/svg>                    <\/div>\n                                <span class=\"sby_loader sby_hidden\" style=\"background-color: rgb(255, 255, 255);\"><\/span>\n            <\/a>\n\n                    <\/div>\n    <\/div>\n<\/div><div class=\"sby_item  sby_new sby_transition\" id=\"sby_VVU4VzlTank1Z3lCRVFUU1BKamZTcTVnLmJqaDBDalVaMTM0\" data-date=\"1777551793\" data-video-id=\"bjh0CjUZ134\">\n    <div class=\"sby_inner_item\">\n        <div class=\"sby_video_thumbnail_wrap sby_item_video_thumbnail_wrap\">\n            <a class=\"sby_video_thumbnail sby_item_video_thumbnail\" href=\"https:\/\/www.youtube.com\/watch?v=bjh0CjUZ134\" target=\"_blank\" rel=\"noopener\" data-full-res=\"https:\/\/i.ytimg.com\/vi\/bjh0CjUZ134\/maxresdefault.jpg\" data-img-src-set=\"{&quot;120&quot;:&quot;https:\\\/\\\/i.ytimg.com\\\/vi\\\/bjh0CjUZ134\\\/default.jpg&quot;,&quot;320&quot;:&quot;https:\\\/\\\/i.ytimg.com\\\/vi\\\/bjh0CjUZ134\\\/mqdefault.jpg&quot;,&quot;480&quot;:&quot;https:\\\/\\\/i.ytimg.com\\\/vi\\\/bjh0CjUZ134\\\/hqdefault.jpg&quot;,&quot;640&quot;:&quot;https:\\\/\\\/i.ytimg.com\\\/vi\\\/bjh0CjUZ134\\\/sddefault.jpg&quot;}\" data-video-id=\"bjh0CjUZ134\" data-video-title=\"AGORA BRASIL, com Guilherme Baumhardt e Glauco Fonseca | Quinta-Feira - 30\/04\">\n                <img decoding=\"async\" src=\"http:\/\/radiomaisbrasiloficial.com.br\/wp-content\/plugins\/feeds-for-youtube\/img\/placeholder.png\" alt=\"Este \u00e9 um espa\u00e7o de informa\u00e7\u00e3o, opini\u00e3o, debates sobre pol\u00edtica e economia, local, nacional e internacional. E mais do que isso, ser\u00e1 uma espa\u00e7o de defesa das liberdades.\n\nBaixe nosso app:\niPhone: https:\/\/apps.apple.com\/us\/app\/r%C3%A1dio-mais-brasil\/id6474753101\nAndroid: https:\/\/play.google.com\/store\/apps\/details?id=com.radiomaisbrasil.app&amp;pli=1\n\n\nFa\u00e7a parte desta trincheira e traga seus amigos, familiares, conhecidos. \nCompartilhe este link em suas redes e grupos de whatsapp.\nVenha para a R\u00e1dio +BRASIL !\nInscreva-se no canal!\n\n#RadioMaisBrasilOficial\n#ProgramaAgoraBrasil\n#GuilhermeBaumhardt\n#GlaucoFonseca\n#Pol\u00edtica\n#Direita\n\n\nQuer criar transmiss\u00f5es ao vivo como esta? Confira o StreamYard: https:\/\/streamyard.com\/pal\/d\/5467327458443264\">\n\n                <div class=\"sby_thumbnail_hover sby_item_video_thumbnail_hover\">\n                    <div class=\"sby_thumbnail_hover_inner\">\n                                                    <span class=\"sby_video_title\" >AGORA BRASIL, com Guilherme Baumhardt e Glauco Fonseca | Quinta-Feira &#8211; 30\/04<\/span>\n                                            <\/div>\n                <\/div>\n\n                                    <div class=\"sby_play_btn\" >\n                        <span class=\"sby_play_btn_bg\"><\/span>\n                        <svg aria-hidden=\"true\" focusable=\"false\" data-prefix=\"fab\" data-icon=\"youtube\" role=\"img\" xmlns=\"http:\/\/www.w3.org\/2000\/svg\" viewBox=\"0 0 576 512\" class=\"svg-inline--fa fa-youtube fa-w-18\"><path fill=\"currentColor\" d=\"M549.655 124.083c-6.281-23.65-24.787-42.276-48.284-48.597C458.781 64 288 64 288 64S117.22 64 74.629 75.486c-23.497 6.322-42.003 24.947-48.284 48.597-11.412 42.867-11.412 132.305-11.412 132.305s0 89.438 11.412 132.305c6.281 23.65 24.787 41.5 48.284 47.821C117.22 448 288 448 288 448s170.78 0 213.371-11.486c23.497-6.321 42.003-24.171 48.284-47.821 11.412-42.867 11.412-132.305 11.412-132.305s0-89.438-11.412-132.305zm-317.51 213.508V175.185l142.739 81.205-142.739 81.201z\" class=\"\"><\/path><\/svg>                    <\/div>\n                                <span class=\"sby_loader sby_hidden\" style=\"background-color: rgb(255, 255, 255);\"><\/span>\n            <\/a>\n\n                    <\/div>\n    <\/div>\n<\/div><div class=\"sby_item  sby_new sby_transition\" id=\"sby_VVU4VzlTank1Z3lCRVFUU1BKamZTcTVnLjZoV2N6LUZkdWx3\" data-date=\"1777551540\" data-video-id=\"6hWcz-Fdulw\">\n    <div class=\"sby_inner_item\">\n        <div class=\"sby_video_thumbnail_wrap sby_item_video_thumbnail_wrap\">\n            <a class=\"sby_video_thumbnail sby_item_video_thumbnail\" href=\"https:\/\/www.youtube.com\/watch?v=6hWcz-Fdulw\" target=\"_blank\" rel=\"noopener\" data-full-res=\"https:\/\/i.ytimg.com\/vi\/6hWcz-Fdulw\/maxresdefault_live.jpg\" data-img-src-set=\"{&quot;120&quot;:&quot;https:\\\/\\\/i.ytimg.com\\\/vi\\\/6hWcz-Fdulw\\\/default_live.jpg&quot;,&quot;320&quot;:&quot;https:\\\/\\\/i.ytimg.com\\\/vi\\\/6hWcz-Fdulw\\\/mqdefault_live.jpg&quot;,&quot;480&quot;:&quot;https:\\\/\\\/i.ytimg.com\\\/vi\\\/6hWcz-Fdulw\\\/hqdefault_live.jpg&quot;,&quot;640&quot;:&quot;https:\\\/\\\/i.ytimg.com\\\/vi\\\/6hWcz-Fdulw\\\/sddefault_live.jpg&quot;}\" data-video-id=\"6hWcz-Fdulw\" data-video-title=\"AGORA BRASIL, com Guilherme Baumhardt e Glauco Fonseca | Sexta-Feira - 01\/05\">\n                <img decoding=\"async\" src=\"http:\/\/radiomaisbrasiloficial.com.br\/wp-content\/plugins\/feeds-for-youtube\/img\/placeholder.png\" alt=\"Este \u00e9 um espa\u00e7o de informa\u00e7\u00e3o, opini\u00e3o, debates sobre pol\u00edtica e economia, local, nacional e internacional. E mais do que isso, ser\u00e1 uma espa\u00e7o de defesa das liberdades.\n\nBaixe nosso app:\niPhone: https:\/\/apps.apple.com\/us\/app\/r%C3%A1dio-mais-brasil\/id6474753101\nAndroid: https:\/\/play.google.com\/store\/apps\/details?id=com.radiomaisbrasil.app&amp;pli=1\n\n\nFa\u00e7a parte desta trincheira e traga seus amigos, familiares, conhecidos. \nCompartilhe este link em suas redes e grupos de whatsapp.\nVenha para a R\u00e1dio +BRASIL !\nInscreva-se no canal!\n\n#RadioMaisBrasilOficial\n#ProgramaAgoraBrasil\n#GuilhermeBaumhardt\n#GlaucoFonseca\n#Pol\u00edtica\n#Direita\n\n\nQuer criar transmiss\u00f5es ao vivo como esta? Confira o StreamYard: https:\/\/streamyard.com\/pal\/d\/5467327458443264\">\n\n                <div class=\"sby_thumbnail_hover sby_item_video_thumbnail_hover\">\n                    <div class=\"sby_thumbnail_hover_inner\">\n                                                    <span class=\"sby_video_title\" >AGORA BRASIL, com Guilherme Baumhardt e Glauco Fonseca | Sexta-Feira &#8211; 01\/05<\/span>\n                                            <\/div>\n                <\/div>\n\n                                    <div class=\"sby_play_btn\" >\n                        <span class=\"sby_play_btn_bg\"><\/span>\n                        <svg aria-hidden=\"true\" focusable=\"false\" data-prefix=\"fab\" data-icon=\"youtube\" role=\"img\" xmlns=\"http:\/\/www.w3.org\/2000\/svg\" viewBox=\"0 0 576 512\" class=\"svg-inline--fa fa-youtube fa-w-18\"><path fill=\"currentColor\" d=\"M549.655 124.083c-6.281-23.65-24.787-42.276-48.284-48.597C458.781 64 288 64 288 64S117.22 64 74.629 75.486c-23.497 6.322-42.003 24.947-48.284 48.597-11.412 42.867-11.412 132.305-11.412 132.305s0 89.438 11.412 132.305c6.281 23.65 24.787 41.5 48.284 47.821C117.22 448 288 448 288 448s170.78 0 213.371-11.486c23.497-6.321 42.003-24.171 48.284-47.821 11.412-42.867 11.412-132.305 11.412-132.305s0-89.438-11.412-132.305zm-317.51 213.508V175.185l142.739 81.205-142.739 81.201z\" class=\"\"><\/path><\/svg>                    <\/div>\n                                <span class=\"sby_loader sby_hidden\" style=\"background-color: rgb(255, 255, 255);\"><\/span>\n            <\/a>\n\n                    <\/div>\n    <\/div>\n<\/div><div class=\"sby_item  sby_new sby_transition\" id=\"sby_VVU4VzlTank1Z3lCRVFUU1BKamZTcTVnLmFua1N6WnZxNGI4\" data-date=\"1777546803\" data-video-id=\"ankSzZvq4b8\">\n    <div class=\"sby_inner_item\">\n        <div class=\"sby_video_thumbnail_wrap sby_item_video_thumbnail_wrap\">\n            <a class=\"sby_video_thumbnail sby_item_video_thumbnail\" href=\"https:\/\/www.youtube.com\/watch?v=ankSzZvq4b8\" target=\"_blank\" rel=\"noopener\" data-full-res=\"https:\/\/i.ytimg.com\/vi\/ankSzZvq4b8\/maxresdefault.jpg\" data-img-src-set=\"{&quot;120&quot;:&quot;https:\\\/\\\/i.ytimg.com\\\/vi\\\/ankSzZvq4b8\\\/default.jpg&quot;,&quot;320&quot;:&quot;https:\\\/\\\/i.ytimg.com\\\/vi\\\/ankSzZvq4b8\\\/mqdefault.jpg&quot;,&quot;480&quot;:&quot;https:\\\/\\\/i.ytimg.com\\\/vi\\\/ankSzZvq4b8\\\/hqdefault.jpg&quot;,&quot;640&quot;:&quot;https:\\\/\\\/i.ytimg.com\\\/vi\\\/ankSzZvq4b8\\\/sddefault.jpg&quot;}\" data-video-id=\"ankSzZvq4b8\" data-video-title=\"Concorda?\">\n                <img decoding=\"async\" src=\"http:\/\/radiomaisbrasiloficial.com.br\/wp-content\/plugins\/feeds-for-youtube\/img\/placeholder.png\" alt=\"Programa Agora Brasil \/ Segunda \u00e0 sexta, 07h \u00e0s 09h.\nPrograma +Brasil MUNDO\/ Segunda \u00e0 sexta, 09h \u00e0s 10h.\nPrograma +Brasil \/ Segunda \u00e0 sexta, 13h \u00e0s 15h.\nPrograma 5a7 \/ Segunda \u00e0 sexta, 17h \u00e0s 19h.\n\nA R\u00e1dio +BRASIL \u00e9 um canal que apresenta e comenta noticias de pol\u00edtica e economia, do Brasil e do mundo, a partir de uma vis\u00e3o liberal\/conservadora. Uma \u201c\u00e1gora\u201d onde a opini\u00e3o e a express\u00e3o s\u00e3o livres. Temos o grande prop\u00f3sito de fazer a defesa intransigente das nossas liberdades. Aqui a opini\u00e3o \u00e9 livre!\n\nBaixe o APP iPhone: https:\/\/apps.apple.com\/app\/r%C3%A1dio-mais-brasil\/id6474753101\nBaixe o APP Android: https:\/\/play.google.com\/store\/apps\/details?id=com.radiomaisbrasil.app\">\n\n                <div class=\"sby_thumbnail_hover sby_item_video_thumbnail_hover\">\n                    <div class=\"sby_thumbnail_hover_inner\">\n                                                    <span class=\"sby_video_title\" >Concorda?<\/span>\n                                            <\/div>\n                <\/div>\n\n                                    <div class=\"sby_play_btn\" >\n                        <span class=\"sby_play_btn_bg\"><\/span>\n                        <svg aria-hidden=\"true\" focusable=\"false\" data-prefix=\"fab\" data-icon=\"youtube\" role=\"img\" xmlns=\"http:\/\/www.w3.org\/2000\/svg\" viewBox=\"0 0 576 512\" class=\"svg-inline--fa fa-youtube fa-w-18\"><path fill=\"currentColor\" d=\"M549.655 124.083c-6.281-23.65-24.787-42.276-48.284-48.597C458.781 64 288 64 288 64S117.22 64 74.629 75.486c-23.497 6.322-42.003 24.947-48.284 48.597-11.412 42.867-11.412 132.305-11.412 132.305s0 89.438 11.412 132.305c6.281 23.65 24.787 41.5 48.284 47.821C117.22 448 288 448 288 448s170.78 0 213.371-11.486c23.497-6.321 42.003-24.171 48.284-47.821 11.412-42.867 11.412-132.305 11.412-132.305s0-89.438-11.412-132.305zm-317.51 213.508V175.185l142.739 81.205-142.739 81.201z\" class=\"\"><\/path><\/svg>                    <\/div>\n                                <span class=\"sby_loader sby_hidden\" style=\"background-color: rgb(255, 255, 255);\"><\/span>\n            <\/a>\n\n                    <\/div>\n    <\/div>\n<\/div><div class=\"sby_item  sby_new sby_transition\" id=\"sby_VVU4VzlTank1Z3lCRVFUU1BKamZTcTVnLlhxWnJuTFdHMjQ0\" data-date=\"1777496406\" data-video-id=\"XqZrnLWG244\">\n    <div class=\"sby_inner_item\">\n        <div class=\"sby_video_thumbnail_wrap sby_item_video_thumbnail_wrap\">\n            <a class=\"sby_video_thumbnail sby_item_video_thumbnail\" href=\"https:\/\/www.youtube.com\/watch?v=XqZrnLWG244\" target=\"_blank\" rel=\"noopener\" data-full-res=\"https:\/\/i.ytimg.com\/vi\/XqZrnLWG244\/maxresdefault.jpg\" data-img-src-set=\"{&quot;120&quot;:&quot;https:\\\/\\\/i.ytimg.com\\\/vi\\\/XqZrnLWG244\\\/default.jpg&quot;,&quot;320&quot;:&quot;https:\\\/\\\/i.ytimg.com\\\/vi\\\/XqZrnLWG244\\\/mqdefault.jpg&quot;,&quot;480&quot;:&quot;https:\\\/\\\/i.ytimg.com\\\/vi\\\/XqZrnLWG244\\\/hqdefault.jpg&quot;,&quot;640&quot;:&quot;https:\\\/\\\/i.ytimg.com\\\/vi\\\/XqZrnLWG244\\\/sddefault.jpg&quot;}\" data-video-id=\"XqZrnLWG244\" data-video-title=\"PRECISAMOS TER CORAGEM PARA DESAFIA\u0301-LOS\">\n                <img decoding=\"async\" src=\"http:\/\/radiomaisbrasiloficial.com.br\/wp-content\/plugins\/feeds-for-youtube\/img\/placeholder.png\" alt=\"Programa Agora Brasil \/ Segunda \u00e0 sexta, 07h \u00e0s 09h.\nPrograma +Brasil MUNDO\/ Segunda \u00e0 sexta, 09h \u00e0s 10h.\nPrograma +Brasil \/ Segunda \u00e0 sexta, 13h \u00e0s 15h.\nPrograma 5a7 \/ Segunda \u00e0 sexta, 17h \u00e0s 19h.\n\nA R\u00e1dio +BRASIL \u00e9 um canal que apresenta e comenta noticias de pol\u00edtica e economia, do Brasil e do mundo, a partir de uma vis\u00e3o liberal\/conservadora. Uma \u201c\u00e1gora\u201d onde a opini\u00e3o e a express\u00e3o s\u00e3o livres. Temos o grande prop\u00f3sito de fazer a defesa intransigente das nossas liberdades. Aqui a opini\u00e3o \u00e9 livre!\n\nBaixe o APP iPhone: https:\/\/apps.apple.com\/app\/r%C3%A1dio-mais-brasil\/id6474753101\nBaixe o APP Android: https:\/\/play.google.com\/store\/apps\/details?id=com.radiomaisbrasil.app\">\n\n                <div class=\"sby_thumbnail_hover sby_item_video_thumbnail_hover\">\n                    <div class=\"sby_thumbnail_hover_inner\">\n                                                    <span class=\"sby_video_title\" >PRECISAMOS TER CORAGEM PARA DESAFIA\u0301-LOS<\/span>\n                                            <\/div>\n                <\/div>\n\n                                    <div class=\"sby_play_btn\" >\n                        <span class=\"sby_play_btn_bg\"><\/span>\n                        <svg aria-hidden=\"true\" focusable=\"false\" data-prefix=\"fab\" data-icon=\"youtube\" role=\"img\" xmlns=\"http:\/\/www.w3.org\/2000\/svg\" viewBox=\"0 0 576 512\" class=\"svg-inline--fa fa-youtube fa-w-18\"><path fill=\"currentColor\" d=\"M549.655 124.083c-6.281-23.65-24.787-42.276-48.284-48.597C458.781 64 288 64 288 64S117.22 64 74.629 75.486c-23.497 6.322-42.003 24.947-48.284 48.597-11.412 42.867-11.412 132.305-11.412 132.305s0 89.438 11.412 132.305c6.281 23.65 24.787 41.5 48.284 47.821C117.22 448 288 448 288 448s170.78 0 213.371-11.486c23.497-6.321 42.003-24.171 48.284-47.821 11.412-42.867 11.412-132.305 11.412-132.305s0-89.438-11.412-132.305zm-317.51 213.508V175.185l142.739 81.205-142.739 81.201z\" class=\"\"><\/path><\/svg>                    <\/div>\n                                <span class=\"sby_loader sby_hidden\" style=\"background-color: rgb(255, 255, 255);\"><\/span>\n            <\/a>\n\n                    <\/div>\n    <\/div>\n<\/div><div class=\"sby_item  sby_new sby_transition\" id=\"sby_VVU4VzlTank1Z3lCRVFUU1BKamZTcTVnLk1rVU1WVl85TkNv\" data-date=\"1777486403\" data-video-id=\"MkUMVV_9NCo\">\n    <div class=\"sby_inner_item\">\n        <div class=\"sby_video_thumbnail_wrap sby_item_video_thumbnail_wrap\">\n            <a class=\"sby_video_thumbnail sby_item_video_thumbnail\" href=\"https:\/\/www.youtube.com\/watch?v=MkUMVV_9NCo\" target=\"_blank\" rel=\"noopener\" data-full-res=\"https:\/\/i.ytimg.com\/vi\/MkUMVV_9NCo\/maxresdefault.jpg\" data-img-src-set=\"{&quot;120&quot;:&quot;https:\\\/\\\/i.ytimg.com\\\/vi\\\/MkUMVV_9NCo\\\/default.jpg&quot;,&quot;320&quot;:&quot;https:\\\/\\\/i.ytimg.com\\\/vi\\\/MkUMVV_9NCo\\\/mqdefault.jpg&quot;,&quot;480&quot;:&quot;https:\\\/\\\/i.ytimg.com\\\/vi\\\/MkUMVV_9NCo\\\/hqdefault.jpg&quot;,&quot;640&quot;:&quot;https:\\\/\\\/i.ytimg.com\\\/vi\\\/MkUMVV_9NCo\\\/sddefault.jpg&quot;}\" data-video-id=\"MkUMVV_9NCo\" data-video-title=\"Senado vai aprovar Messias? Quais as consequ\u00eancias?\">\n                <img decoding=\"async\" src=\"http:\/\/radiomaisbrasiloficial.com.br\/wp-content\/plugins\/feeds-for-youtube\/img\/placeholder.png\" alt=\"A R\u00e1dio +BRASIL \u00e9 um canal que apresenta e comenta noticias de pol\u00edtica e economia, do Brasil e do mundo, a partir de uma vis\u00e3o liberal\/conservadora. Uma \u201c\u00e1gora\u201d onde a opini\u00e3o e a express\u00e3o s\u00e3o livres. Temos o grande prop\u00f3sito de fazer a defesa intransigente das nossas liberdades. Aqui a opini\u00e3o \u00e9 livre!\n#RadioMaisBrasilOficial\n#Programa+Brasil\n#JulioRibeiro\n#Pol\u00edtica\n#Direita\n\n\n\nQuer criar transmiss\u00f5es ao vivo como esta? Confira o StreamYard: https:\/\/streamyard.com\/pal\/d\/5467327458443264\">\n\n                <div class=\"sby_thumbnail_hover sby_item_video_thumbnail_hover\">\n                    <div class=\"sby_thumbnail_hover_inner\">\n                                                    <span class=\"sby_video_title\" >Senado vai aprovar Messias? Quais as consequ\u00eancias?<\/span>\n                                            <\/div>\n                <\/div>\n\n                                    <div class=\"sby_play_btn\" >\n                        <span class=\"sby_play_btn_bg\"><\/span>\n                        <svg aria-hidden=\"true\" focusable=\"false\" data-prefix=\"fab\" data-icon=\"youtube\" role=\"img\" xmlns=\"http:\/\/www.w3.org\/2000\/svg\" viewBox=\"0 0 576 512\" class=\"svg-inline--fa fa-youtube fa-w-18\"><path fill=\"currentColor\" d=\"M549.655 124.083c-6.281-23.65-24.787-42.276-48.284-48.597C458.781 64 288 64 288 64S117.22 64 74.629 75.486c-23.497 6.322-42.003 24.947-48.284 48.597-11.412 42.867-11.412 132.305-11.412 132.305s0 89.438 11.412 132.305c6.281 23.65 24.787 41.5 48.284 47.821C117.22 448 288 448 288 448s170.78 0 213.371-11.486c23.497-6.321 42.003-24.171 48.284-47.821 11.412-42.867 11.412-132.305 11.412-132.305s0-89.438-11.412-132.305zm-317.51 213.508V175.185l142.739 81.205-142.739 81.201z\" class=\"\"><\/path><\/svg>                    <\/div>\n                                <span class=\"sby_loader sby_hidden\" style=\"background-color: rgb(255, 255, 255);\"><\/span>\n            <\/a>\n\n                    <\/div>\n    <\/div>\n<\/div>    <\/div>\n    \n\t<div class=\"sby_footer\">\n\n    <a class=\"sby_load_btn\" href=\"javascript:void(0);\"  >\n        <span class=\"sby_btn_text\" >Mostrar mais&#8230;<\/span>\n        <span class=\"sby_loader sby_hidden\" style=\"background-color: rgb(255, 255, 255);\"><\/span>\n    <\/a>\n\n    <span \n        class=\"sby_follow_btn\" \n            >\n        <a \n            href=\"https:\/\/www.youtube.com\/channel\/UC8W9Sjy5gyBEQTSPJjfSq5g\/\"\n             \n            target=\"_blank\" \n            rel=\"noopener\"\n        >\n            <svg aria-hidden=\"true\" focusable=\"false\" data-prefix=\"fab\" data-icon=\"youtube\" role=\"img\" xmlns=\"http:\/\/www.w3.org\/2000\/svg\" viewBox=\"0 0 576 512\" class=\"svg-inline--fa fa-youtube fa-w-18\"><path fill=\"currentColor\" d=\"M549.655 124.083c-6.281-23.65-24.787-42.276-48.284-48.597C458.781 64 288 64 288 64S117.22 64 74.629 75.486c-23.497 6.322-42.003 24.947-48.284 48.597-11.412 42.867-11.412 132.305-11.412 132.305s0 89.438 11.412 132.305c6.281 23.65 24.787 41.5 48.284 47.821C117.22 448 288 448 288 448s170.78 0 213.371-11.486c23.497-6.321 42.003-24.171 48.284-47.821 11.412-42.867 11.412-132.305 11.412-132.305s0-89.438-11.412-132.305zm-317.51 213.508V175.185l142.739 81.205-142.739 81.201z\" class=\"\"><\/path><\/svg>            <span  >\n                Inscreva-se            <\/span>\n        <\/a>\n    <\/span>\n<\/div>\n    \n\t\n<\/div>\n\n<style type=\"text\/css\">#sb_youtube_sbyUC8W9Sjy5gyBEQTSPJjfSq5g9 .sby_caption_wrap .sby_caption { font-size: 13px !important}#sb_youtube_sbyUC8W9Sjy5gyBEQTSPJjfSq5g9 .sby_follow_btn a:hover { box-shadow:inset 0 0 10px 20px rgb(255, 255, 255, .25) !important}#sb_youtube_sbyUC8W9Sjy5gyBEQTSPJjfSq5g9[data-videostyle=boxed] .sby_items_wrap .sby_item .sby_inner_item { background-color: #ffffff !important}<\/style>","protected":false},"excerpt":{"rendered":"<p>A R\u00c1DIO +BRASIL A R\u00e1dio +BRASIL \u00e9 um canal de comunica\u00e7\u00e3o digital, que se vale da melhor e mais atual tecnologia para difundir conte\u00fados de qualidade nas \u00e1reas da pol\u00edtica, economia, cultura, hist\u00f3ria e entretenimento.No nosso ide\u00e1rio est\u00e3o a defesa das liberdades de express\u00e3o, opini\u00e3o, imprensa, econ\u00f4mica e religiosa; do direito \u00e0 vida; do direito &hellip; <\/p>\n<p class=\"link-more\"><a href=\"http:\/\/radiomaisbrasiloficial.com.br\/\" class=\"more-link\">Read more<span class=\"screen-reader-text\"> &#8220;Homepage&#8221;<\/span><\/a><\/p>\n","protected":false},"author":1,"featured_media":0,"parent":0,"menu_order":0,"comment_status":"closed","ping_status":"closed","template":"page-templates\/full-width-no-title.php","meta":{"footnotes":""},"class_list":["post-5550","page","type-page","status-publish","hentry"],"featured_media_urls":[],"_links":{"self":[{"href":"http:\/\/radiomaisbrasiloficial.com.br\/index.php?rest_route=\/wp\/v2\/pages\/5550","targetHints":{"allow":["GET"]}}],"collection":[{"href":"http:\/\/radiomaisbrasiloficial.com.br\/index.php?rest_route=\/wp\/v2\/pages"}],"about":[{"href":"http:\/\/radiomaisbrasiloficial.com.br\/index.php?rest_route=\/wp\/v2\/types\/page"}],"author":[{"embeddable":true,"href":"http:\/\/radiomaisbrasiloficial.com.br\/index.php?rest_route=\/wp\/v2\/users\/1"}],"replies":[{"embeddable":true,"href":"http:\/\/radiomaisbrasiloficial.com.br\/index.php?rest_route=%2Fwp%2Fv2%2Fcomments&post=5550"}],"version-history":[{"count":2,"href":"http:\/\/radiomaisbrasiloficial.com.br\/index.php?rest_route=\/wp\/v2\/pages\/5550\/revisions"}],"predecessor-version":[{"id":6732,"href":"http:\/\/radiomaisbrasiloficial.com.br\/index.php?rest_route=\/wp\/v2\/pages\/5550\/revisions\/6732"}],"wp:attachment":[{"href":"http:\/\/radiomaisbrasiloficial.com.br\/index.php?rest_route=%2Fwp%2Fv2%2Fmedia&parent=5550"}],"curies":[{"name":"wp","href":"https:\/\/api.w.org\/{rel}","templated":true}]}}